{"id":5349,"date":"2020-03-25T21:54:19","date_gmt":"2020-03-25T18:54:19","guid":{"rendered":"https:\/\/eogrenme.ebyu.edu.tr\/?page_id=5349"},"modified":"2020-03-27T23:35:25","modified_gmt":"2020-03-27T20:35:25","slug":"sikca-sorulan-sorular","status":"publish","type":"page","link":"https:\/\/eogrenme.ebyu.edu.tr\/?page_id=5349","title":{"rendered":"S\u0131k\u00e7a Sorulan Sorular ( Akademik Personel )"},"content":{"rendered":"<p>[vc_row][vc_column]<div class=\"headings-title \"><div class=\"mb72 mb16 mb-xs-40 text-center\"><h5  class=\"widgettitle mb10\">S\u0131k\u00e7a Sorulan Sorular (Akademisyen)<\/h5><\/div><\/div><div class=\"tlg-spacer \" data-height=\"100\" data-height-tablet=\"100\" data-height-mobile=\"100\" style=\"clear:both;display:block;height:100px;\"><\/div><div id=\"accordion-69f0966c2daba\"><ul class=\" accordion accordion-style-1 accordion-auto-close \"><li><div class=\"title\"><span>De\u011ferlendirme formunu kim, ne zaman dolduracak?<\/span><\/div><div class=\"content\"><p><span data-sheets-value=\"{\"1\":2,\"2\":\"B\u00f6l\u00fcm kordinat\u00f6rleri taraf\u0131ndan, en ge\u00e7 bir sonraki hafta sonuna kadar doldurulmal\u0131d\u0131r.\"}\" data-sheets-userformat=\"{\"2\":897,\"3\":{\"1\":0},\"10\":0,\"11\":4,\"12\":0}\">B\u00f6l\u00fcm kordinat\u00f6rleri taraf\u0131ndan, en ge\u00e7 bir sonraki hafta sonuna kadar doldurulmal\u0131d\u0131r.<\/span><\/p>\n<\/div><\/li><li><div class=\"title\"><span>Sanal s\u0131n\u0131flar\u0131, videolar\u0131 kim olu\u015fturacak?<\/span><\/div><div class=\"content\"><p><span data-sheets-value=\"{\"1\":2,\"2\":\"Canl\u0131 ders yap\u0131lmayacakt\u0131r. Sanal s\u0131n\u0131f kayd\u0131 zorunlu olmamakla birlikte kulan\u0131lacaksa ders videolar\u0131n\u0131 her dersin sorumlu \u00f6\u011fretim eleman\u0131 kendisi olu\u015fturacakt\u0131r.\"}\" data-sheets-userformat=\"{\"2\":897,\"3\":{\"1\":0},\"10\":0,\"11\":4,\"12\":0}\">Canl\u0131 ders yap\u0131lmayacakt\u0131r. Sanal s\u0131n\u0131f kayd\u0131 zorunlu olmamakla birlikte kulan\u0131lacaksa ders videolar\u0131n\u0131 her dersin sorumlu \u00f6\u011fretim eleman\u0131 kendisi olu\u015fturacakt\u0131r.<\/span><\/p>\n<\/div><\/li><li><div class=\"title\"><span>Video y\u00fcklerken hata verdi, neden?<\/span><\/div><div class=\"content\"><p><span data-sheets-value=\"{\"1\":2,\"2\":\"Mecbur kalmad\u0131k\u00e7a sisteme video y\u00fcklemesi yap\u0131lmamal\u0131d\u0131r. Videolar\u0131 link olarak veya di\u011fer platformlardan payla\u015fmal\u0131s\u0131n\u0131z.\"}\" data-sheets-userformat=\"{\"2\":897,\"3\":{\"1\":0},\"10\":0,\"11\":4,\"12\":0}\">Mecbur kalmad\u0131k\u00e7a sisteme video y\u00fcklemesi yap\u0131lmamal\u0131d\u0131r. Videolar\u0131 link olarak veya di\u011fer platformlardan payla\u015fmal\u0131s\u0131n\u0131z.<\/span><\/p>\n<\/div><\/li><li><div class=\"title\"><span>Ders kitab\u0131n\u0131 kaynak olarak y\u00fcklesek yeterli olur mu?<\/span><\/div><div class=\"content\"><p><span data-sheets-value=\"{\"1\":2,\"2\":\"Sadece tek bir kaynaktan e\u011fitim yapmak uzaktan e\u011fitimde yeterli de\u011fildir. Daha fazla kaynak kullan\u0131m\u0131 \u00f6nerilir.\"}\" data-sheets-userformat=\"{\"2\":897,\"3\":{\"1\":0},\"10\":0,\"11\":4,\"12\":0}\">Sadece tek bir kaynaktan e\u011fitim yapmak uzaktan e\u011fitimde yeterli de\u011fildir. Daha fazla kaynak kullan\u0131m\u0131 \u00f6nerilir.<\/span><\/p>\n<\/div><\/li><li><div class=\"title\"><span>\u00d6\u011frenci say\u0131m \u00e7ok fazla ne yapabilirim?<\/span><\/div><div class=\"content\"><p><span data-sheets-value=\"{\"1\":2,\"2\":\"\u00d6dev etkinlikleri (a\u00e7\u0131k u\u00e7lu sorular, yans\u0131ma yaz\u0131lar\u0131 vb.) i\u00e7in \u00f6\u011frenciler gruplara ayr\u0131labilir. \\nBu i\u015flem i\u00e7in b\u00f6l\u00fcm koordinat\u00f6r\u00fcn\u00fczden yard\u0131m alabilirsiniz.\"}\" data-sheets-userformat=\"{\"2\":897,\"3\":{\"1\":0},\"10\":0,\"11\":4,\"12\":0}\">\u00d6dev etkinlikleri (a\u00e7\u0131k u\u00e7lu sorular, yans\u0131ma yaz\u0131lar\u0131 vb.) i\u00e7in \u00f6\u011frenciler gruplara ayr\u0131labilir.<br \/>\nBu i\u015flem i\u00e7in b\u00f6l\u00fcm koordinat\u00f6r\u00fcn\u00fczden yard\u0131m alabilirsiniz.<\/span><\/p>\n<\/div><\/li><li><div class=\"title\"><span>S\u0131navlar nas\u0131l olacak?<\/span><\/div><div class=\"content\"><p><span data-sheets-value=\"{\"1\":2,\"2\":\"\u2022 Mevcut durumda hem ara s\u0131nav hem de d\u00f6nem sonu s\u0131nav notlar\u0131 i\u00e7in uzaktan e\u011fitimle yap\u0131labilecek (\u00e7evrimi\u00e7i s\u0131nav, \u00f6dev, yans\u0131ma, proje \u00e7al\u0131\u015fmas\u0131 vb. )her t\u00fcrl\u00fc \u00e7al\u0131\u015fma s\u0131nav notu olarak de\u011ferlendirilebilecektir.\\n\u2022 De\u011ferlendirme i\u00e7in yap\u0131lan etkinliklerin ge\u00e7me notuna katk\u0131s\u0131 \u00f6\u011fretim elemanlar\u0131 taraf\u0131ndan belirlenecektir.\\nNot: COV\u0130D-19 tedbirleri y\u00fcr\u00fcrl\u00fckten kalkt\u0131\u011f\u0131nda d\u00f6nem sonu s\u0131navlar\u0131 y\u00fczy\u00fcze yap\u0131labilir.\\n\"}\" data-sheets-userformat=\"{\"2\":897,\"3\":{\"1\":0},\"10\":0,\"11\":4,\"12\":0}\">\u2022 Mevcut durumda hem ara s\u0131nav hem de d\u00f6nem sonu s\u0131nav notlar\u0131 i\u00e7in uzaktan e\u011fitimle yap\u0131labilecek (\u00e7evrimi\u00e7i s\u0131nav, \u00f6dev, yans\u0131ma, proje \u00e7al\u0131\u015fmas\u0131 vb. )her t\u00fcrl\u00fc \u00e7al\u0131\u015fma s\u0131nav notu olarak de\u011ferlendirilebilecektir.<br \/>\n\u2022 De\u011ferlendirme i\u00e7in yap\u0131lan etkinliklerin ge\u00e7me notuna katk\u0131s\u0131 \u00f6\u011fretim elemanlar\u0131 taraf\u0131ndan belirlenecektir.<br \/>\nNot: COV\u0130D-19 tedbirleri y\u00fcr\u00fcrl\u00fckten kalkt\u0131\u011f\u0131nda d\u00f6nem sonu s\u0131navlar\u0131 y\u00fczy\u00fcze yap\u0131labilir.<br \/>\n<\/span><\/p>\n<\/div><\/li><li><div class=\"title\"><span>Ders s\u00fcresi ne kadar? 20 dk y\u0131 ge\u00e7ebilir mi?<\/span><\/div><div class=\"content\"><p><span data-sheets-value=\"{\"1\":2,\"2\":\"Uzaktan e\u011fitimde k\u0131s\u0131tlanm\u0131\u015f bir ders s\u00fcresi bulunmamaktad\u0131r.\\n\u00d6\u011fretim eleman\u0131 kaynaklar\u0131n g\u00f6zden ge\u00e7irilmesi ve etkinliklerin yap\u0131lmas\u0131 i\u00e7in \u00f6\u011frencilere makul bir s\u00fcre vermelidir. Bu s\u00fcreler sistemden ayarlanabilmektedir.\"}\" data-sheets-userformat=\"{\"2\":897,\"3\":{\"1\":0},\"10\":0,\"11\":4,\"12\":0}\">Uzaktan e\u011fitimde k\u0131s\u0131tlanm\u0131\u015f bir ders s\u00fcresi bulunmamaktad\u0131r.<br \/>\n\u00d6\u011fretim eleman\u0131 kaynaklar\u0131n g\u00f6zden ge\u00e7irilmesi ve etkinliklerin yap\u0131lmas\u0131 i\u00e7in \u00f6\u011frencilere makul bir s\u00fcre vermelidir. Bu s\u00fcreler sistemden ayarlanabilmektedir.<\/span><\/p>\n<\/div><\/li><li><div class=\"title\"><span>Sadece slayt payla\u015fsak olur mu?<\/span><\/div><div class=\"content\"><p><span data-sheets-value=\"{\"1\":2,\"2\":\"Sadece tek bir kaynaktan e\u011fitim yapmak uzaktan e\u011fitimde yeterli de\u011fildir. Daha fazla kaynak kullan\u0131m\u0131 \u00f6nerilir.\"}\" data-sheets-userformat=\"{\"2\":897,\"3\":{\"1\":0},\"10\":0,\"11\":4,\"12\":0}\">Sadece tek bir kaynaktan e\u011fitim yapmak uzaktan e\u011fitimde yeterli de\u011fildir. Daha fazla kaynak kullan\u0131m\u0131 \u00f6nerilir.<\/span><\/p>\n<\/div><\/li><li><div class=\"title\"><span>Haz\u0131rlayaca\u011f\u0131m soru havuzunu yaln\u0131zca ben mi kullanaca\u011f\u0131m?<\/span><\/div><div class=\"content\"><p><span data-sheets-value=\"{\"1\":2,\"2\":\"Evet. Yaln\u0131zca siz kullanacaks\u0131n\u0131z. \\nAncak b\u00f6l\u00fcm\/program i\u00e7erisinde ayn\u0131 dersleri y\u00fcr\u00fcten \u00f6\u011fretim elemanlar\u0131 ile ortak soru havuzu olu\u015fturup bunlar\u0131 payla\u015fabilirsiniz.\"}\" data-sheets-userformat=\"{\"2\":897,\"3\":{\"1\":0},\"10\":0,\"11\":4,\"12\":0}\">Evet. Yaln\u0131zca siz kullanacaks\u0131n\u0131z.<br \/>\nAncak b\u00f6l\u00fcm\/program i\u00e7erisinde ayn\u0131 dersleri y\u00fcr\u00fcten \u00f6\u011fretim elemanlar\u0131 ile ortak soru havuzu olu\u015fturup bunlar\u0131 payla\u015fabilirsiniz.<\/span><\/p>\n<\/div><\/li><li><div class=\"title\"><span>Ders saatleri de\u011fi\u015fecek mi?<\/span><\/div><div class=\"content\"><p><span data-sheets-value=\"{\"1\":2,\"2\":\"Dersler asenkron (kay\u0131ttan) yap\u0131laca\u011f\u0131 i\u00e7in ders ssati de\u011fil de ders haftas\u0131 olarak d\u00fc\u015f\u00fcn\u00fclmelidir.\"}\" data-sheets-userformat=\"{\"2\":897,\"3\":{\"1\":0},\"10\":0,\"11\":4,\"12\":0}\">Dersler asenkron (kay\u0131ttan) yap\u0131laca\u011f\u0131 i\u00e7in ders ssati de\u011fil de ders haftas\u0131 olarak d\u00fc\u015f\u00fcn\u00fclmelidir.<\/span><\/p>\n<\/div><\/li><li><div class=\"title\"><span>Tek \u00f6\u011frenci olan grupta ne yapmal\u0131?<\/span><\/div><div class=\"content\"><p><span data-sheets-value=\"{\"1\":2,\"2\":\"Y\u00fcy\u00fcze e\u011fitimde ayn\u0131 s\u0131n\u0131fta e\u011fitim alan \u00f6\u011frenciler uzaktan e\u011fitimde de ayn\u0131 ders oturumu i\u00e7erisinde olmal\u0131d\u0131r.\"}\" data-sheets-userformat=\"{\"2\":897,\"3\":{\"1\":0},\"10\":0,\"11\":4,\"12\":0}\">Y\u00fcy\u00fcze e\u011fitimde ayn\u0131 s\u0131n\u0131fta e\u011fitim alan \u00f6\u011frenciler uzaktan e\u011fitimde de ayn\u0131 ders oturumu i\u00e7erisinde olmal\u0131d\u0131r.<\/span><\/p>\n<\/div><\/li><li><div class=\"title\"><span>Otomasyonda da birle\u015ftirme olacak m\u0131?<\/span><\/div><div class=\"content\"><p>Otomasyon ba\u011f\u0131ms\u0131z olarak \u00e7al\u0131\u015fmaya devam edecek. Notlar \u00f6\u011frenci otomasyon sistemine girilecek.<\/p>\n<\/div><\/li><li><div class=\"title\"><span>Mazeret olacak m\u0131?<\/span><\/div><div class=\"content\"><p><span data-sheets-value=\"{\"1\":2,\"2\":\"Ge\u00e7erli mazeretler d\u0131\u015f\u0131nda mazeret kabul edilmeyecek.\"}\" data-sheets-userformat=\"{\"2\":897,\"3\":{\"1\":0},\"10\":0,\"11\":4,\"12\":0}\">Ge\u00e7erli mazeretler d\u0131\u015f\u0131nda mazeret kabul edilmeyecek.<\/span><\/p>\n<\/div><\/li><li><div class=\"title\"><span>Sistem hakk\u0131nda \u00f6\u011fretim elemanlar\u0131na bir e\u011fitim verilecek mi? (Nereden,Nas\u0131l?)<\/span><\/div><div class=\"content\"><p><span data-sheets-value=\"{\"1\":2,\"2\":\"Evet. Verilecek. \u00c7evrimi\u00e7i e\u011fitimler ve video dersler sa\u011flanacak.\"}\" data-sheets-userformat=\"{\"2\":897,\"3\":{\"1\":0},\"10\":0,\"11\":4,\"12\":0}\">Evet. Verilecek. \u00c7evrimi\u00e7i e\u011fitimler ve video dersler sa\u011flanacak.<\/span><\/p>\n<\/div><\/li><li><div class=\"title\"><span>E\u011fitim Sonras\u0131 S\u0131nav var m\u0131?<\/span><\/div><div class=\"content\"><p><span data-sheets-value=\"{\"1\":2,\"2\":\"Hay\u0131r s\u0131nav yap\u0131lmayacak.\"}\" data-sheets-userformat=\"{\"2\":897,\"3\":{\"1\":0},\"10\":0,\"11\":4,\"12\":0}\">Hay\u0131r s\u0131nav yap\u0131lmayacak.<\/span><\/p>\n<\/div><\/li><li><div class=\"title\"><span>Fak\u00fcltede b\u00f6l\u00fcm yok (\u0130lahiyat) yard\u0131m i\u00e7in ne yapmal\u0131?<\/span><\/div><div class=\"content\"><p><span data-sheets-value=\"{\"1\":2,\"2\":\"B\u00f6l\u00fcm koordinat\u00f6rlerine a\u011f\u0131r y\u00fck d\u00fc\u015fen birimlerde ek g\u00f6revlendirmeler yap\u0131lmal\u0131d\u0131r.\"}\" data-sheets-userformat=\"{\"2\":897,\"3\":{\"1\":0},\"10\":0,\"11\":4,\"12\":0}\">B\u00f6l\u00fcm koordinat\u00f6rlerine a\u011f\u0131r y\u00fck d\u00fc\u015fen birimlerde ek g\u00f6revlendirmeler yap\u0131lmal\u0131d\u0131r.<\/span><\/p>\n<\/div><\/li><li><div class=\"title\"><span>B\u00f6l\u00fcm\/birim koordinat\u00f6rleri listesine nereden ula\u015fabilirim?<\/span><\/div><div class=\"content\"><p>CEVAP YOK !<\/p>\n<\/div><\/li><li><div class=\"title\"><span>Sisteme giri\u015f yapam\u0131yorum (kullan\u0131c\u0131 ad\u0131 h ile ba\u015fl\u0131yor)?<\/span><\/div><div class=\"content\"><p><span data-sheets-value=\"{\"1\":2,\"2\":\"Kullan\u0131c\u0131 ad\u0131 h ile ba\u015flayanlar h harfini kullanmadan sisteme girebilir.\"}\" data-sheets-userformat=\"{\"2\":897,\"3\":{\"1\":0},\"10\":0,\"11\":4,\"12\":0}\">Kullan\u0131c\u0131 ad\u0131 h ile ba\u015flayanlar h harfini kullanmadan sisteme girebilir.<\/span><\/p>\n<\/div><\/li><li><div class=\"title\"><span>Uzaktan e\u011fitimle devam edenler ne yapacak? (Rayl\u0131 sistemler gibi) \u00f6rg\u00fcnde de kullanabilir miyiz?<\/span><\/div><div class=\"content\"><p><span data-sheets-value=\"{\"1\":2,\"2\":\"Uzaktan e\u011fitimle y\u00fcr\u00fct\u00fclen programlar ayn\u0131 \u015fekilde y\u00fcr\u00fct\u00fclmeye devam edecek.\"}\" data-sheets-userformat=\"{\"2\":897,\"3\":{\"1\":0},\"10\":0,\"11\":4,\"12\":0}\">Uzaktan e\u011fitimle y\u00fcr\u00fct\u00fclen programlar ayn\u0131 \u015fekilde y\u00fcr\u00fct\u00fclmeye devam edecek.<\/span><\/p>\n<\/div><\/li><li><div class=\"title\"><span>Ayn\u0131 notlar\u0131 ba\u015fka grupta da kullanabilir miyim?<\/span><\/div><div class=\"content\"><p><span data-sheets-value=\"{\"1\":2,\"2\":\"Ders \u00f6\u011frenme ama\u00e7lar\u0131 ayn\u0131 ise evet. Kullan\u0131labilir.\"}\" data-sheets-userformat=\"{\"2\":897,\"3\":{\"1\":0},\"10\":0,\"11\":4,\"12\":0}\">Ders \u00f6\u011frenme ama\u00e7lar\u0131 ayn\u0131 ise evet. Kullan\u0131labilir.<\/span><\/p>\n<\/div><\/li><li><div class=\"title\"><span>Anadolu \u00dcniversitesi Dijital E\u011fitim Ortamlar\u0131na Giri\u015f dersi toplam 9 mod\u00fclden olu\u015fuyor. Mod\u00fcl 3 - Mod\u00fcl 8 aras\u0131 olanlar Anadolu \u00dcniversitesinin kendi \u00d6\u011frenme Y\u00f6netim Sistemini, bu sisteme nas\u0131l video y\u00fcklenece\u011fini, vb. konular\u0131 anlat\u0131yor. Biz Anadolu \u00dcniversitesinin \u00d6\u011frenme Y\u00f6netim Sistemini de ders y\u00fcr\u00fctmek i\u00e7in kullanabilecek miyiz? Yoksa, sadece di\u011fer mod\u00fcllerde anlat\u0131lanlar m\u0131 bizim i\u00e7in faydal\u0131 olacak?<\/span><\/div><div class=\"content\"><p><span data-sheets-value=\"{\"1\":2,\"2\":\"\u00d6ncelikle kendi sistemimizi kullanaca\u011f\u0131z.\"}\" data-sheets-userformat=\"{\"2\":897,\"3\":{\"1\":0},\"10\":0,\"11\":4,\"12\":0}\">\u00d6ncelikle kendi sistemimizi kullanaca\u011f\u0131z.<\/span><\/p>\n<\/div><\/li><li><div class=\"title\"><span>S\u0131k\u00e7a sorulan bir soru: Hocalar bu hafta 4. Haftan\u0131n notunu ya da dersini y\u00fckleyerek mi ba\u015flayacak? \u00d6nlemler al\u0131nmadan \u00f6nce 3 hafta ders yap\u0131lm\u0131\u015f oldu\u011funa g\u00f6re bu hafta normal takvime g\u00f6re 5. Hafta oluyor. Bir uzaktan e\u011fitim takvimi yay\u0131nlayacak m\u0131y\u0131z? Notlar ya da ders en ge\u00e7 su zamana kadar y\u00fcklenmelidir diye bir uyar\u0131 yay\u0131nlayacak m\u0131y\u0131z?<\/span><\/div><div class=\"content\"><p><span data-sheets-value=\"{\"1\":2,\"2\":\"Sistemda 6. Hafta 30 Mart tarihinde ba\u015fl\u0131yor. Ders yap\u0131lamayan 4. ve 5. hafta derslerine ait i\u00e7erikler ve etkinlikler de bu tarihe kadar sisteme y\u00fcklenmelidir.\"}\" data-sheets-userformat=\"{\"2\":769,\"3\":{\"1\":0},\"11\":4,\"12\":0}\">Sistemda 6. Hafta 30 Mart tarihinde ba\u015fl\u0131yor. Ders yap\u0131lamayan 4. ve 5. hafta derslerine ait i\u00e7erikler ve etkinlikler de bu tarihe kadar sisteme y\u00fcklenmelidir.<\/span><\/p>\n<\/div><\/li><\/ul><\/div>[\/vc_column][\/vc_row]<\/p>\n","protected":false},"excerpt":{"rendered":"<p>[vc_row][vc_column][\/vc_column][\/vc_row]<\/p>\n","protected":false},"author":25,"featured_media":0,"parent":0,"menu_order":0,"comment_status":"closed","ping_status":"closed","template":"","meta":{"footnotes":""},"class_list":["post-5349","page","type-page","status-publish","hentry"],"_links":{"self":[{"href":"https:\/\/eogrenme.ebyu.edu.tr\/index.php?rest_route=\/wp\/v2\/pages\/5349","targetHints":{"allow":["GET"]}}],"collection":[{"href":"https:\/\/eogrenme.ebyu.edu.tr\/index.php?rest_route=\/wp\/v2\/pages"}],"about":[{"href":"https:\/\/eogrenme.ebyu.edu.tr\/index.php?rest_route=\/wp\/v2\/types\/page"}],"author":[{"embeddable":true,"href":"https:\/\/eogrenme.ebyu.edu.tr\/index.php?rest_route=\/wp\/v2\/users\/25"}],"replies":[{"embeddable":true,"href":"https:\/\/eogrenme.ebyu.edu.tr\/index.php?rest_route=%2Fwp%2Fv2%2Fcomments&post=5349"}],"version-history":[{"count":5,"href":"https:\/\/eogrenme.ebyu.edu.tr\/index.php?rest_route=\/wp\/v2\/pages\/5349\/revisions"}],"predecessor-version":[{"id":5687,"href":"https:\/\/eogrenme.ebyu.edu.tr\/index.php?rest_route=\/wp\/v2\/pages\/5349\/revisions\/5687"}],"wp:attachment":[{"href":"https:\/\/eogrenme.ebyu.edu.tr\/index.php?rest_route=%2Fwp%2Fv2%2Fmedia&parent=5349"}],"curies":[{"name":"wp","href":"https:\/\/api.w.org\/{rel}","templated":true}]}}